{"id":896,"date":"2018-10-22T11:04:03","date_gmt":"2018-10-22T11:04:03","guid":{"rendered":"http:\/\/www.laproduktiva.com\/films\/?page_id=896"},"modified":"2025-08-13T08:11:14","modified_gmt":"2025-08-13T08:11:14","slug":"primeliveshow","status":"publish","type":"page","link":"https:\/\/www.laproduktiva.com\/films\/primeliveshow\/","title":{"rendered":"PRIMe! Live Show"},"content":{"rendered":"\n<div style=\"height:60px\" aria-hidden=\"true\" class=\"wp-block-spacer\"><\/div>\n\n\n\n<div class=\"wp-block-media-text alignwide is-stacked-on-mobile is-vertically-aligned-center\" style=\"grid-template-columns:35% auto\"><figure class=\"wp-block-media-text__media\"><a href=\"https:\/\/www.laproduktiva.com\/films\/wp-content\/uploads\/PrimePoster.jpg\" target=\"_blank\" rel=\"noreferrer noopener\"><img loading=\"lazy\" decoding=\"async\" width=\"724\" height=\"1024\" src=\"https:\/\/www.laproduktiva.com\/films\/wp-content\/uploads\/PrimePoster-724x1024.jpg\" alt=\"\" class=\"wp-image-895 size-full\" srcset=\"https:\/\/www.laproduktiva.com\/films\/wp-content\/uploads\/PrimePoster-724x1024.jpg 724w, https:\/\/www.laproduktiva.com\/films\/wp-content\/uploads\/PrimePoster-212x300.jpg 212w, https:\/\/www.laproduktiva.com\/films\/wp-content\/uploads\/PrimePoster-768x1086.jpg 768w, https:\/\/www.laproduktiva.com\/films\/wp-content\/uploads\/PrimePoster.jpg 842w\" sizes=\"auto, (max-width: 724px) 100vw, 724px\" \/><\/a><\/figure><div class=\"wp-block-media-text__content\">\n<h4 class=\"wp-block-heading\">un m\u00f3n ut\u00f2pic<\/h4>\n\n\n\n<p>El documental &#8220;PRIMe! Live Show&#8221; explica la hist\u00f2ria de gestaci\u00f3 de la performance que la banda <a href=\"http:\/\/www.etcomusic.com\/\" target=\"_blank\" rel=\"noopener noreferrer\">Et-Co*<\/a> va idear per a la presentaci\u00f3 del seu segon disc PRIMe!, on el m\u00f3n tecnol\u00f2gic i el tribal es donen la m\u00e0. La cinta reflecteix el treball d&#8217;uns artistes independents, oferint un retrat fidel d&#8217;una banda contempor\u00e0nia, i el seu significat va molt m\u00e9s enll\u00e0 del musical per assolir una dimensi\u00f3 personal i filos\u00f2fica. Dirigit per Nando Caballero, el film realitza un recorregut que aborda des de la preparaci\u00f3 de la performance fins a l&#8217;estrena, en forma d&#8217;assajos, entrevistes i converses entre els mateixos m\u00fasics i col\u00b7laboradors de la banda.<\/p>\n<\/div><\/div>\n\n\n\n<div style=\"height:30px\" aria-hidden=\"true\" class=\"wp-block-spacer\"><\/div>\n\n\n\n<h4 class=\"wp-block-heading\">PROJECCIONS<\/h4>\n\n\n\n<pre class=\"wp-block-preformatted has-cyan-bluish-gray-background-color has-background\">12\/05\/2018 - BPFest, El Vendrell<br>29\/03\/2019 - Centre C\u00edvic Cine Iris, Calafell<br>06\/10\/2019 - Festival de Sant Andreu de la Barca<\/pre>\n\n\n\n<div style=\"height:30px\" aria-hidden=\"true\" class=\"wp-block-spacer\"><\/div>\n\n\n\n<h4 class=\"wp-block-heading\">VEURE EL DOCUMENTAL<\/h4>\n\n\n\n<figure class=\"wp-block-embed is-type-video is-provider-vimeo wp-block-embed-vimeo wp-embed-aspect-16-9 wp-has-aspect-ratio\"><div class=\"wp-block-embed__wrapper\">\n<iframe loading=\"lazy\" title=\"Et-Co* - PRIMe! Live Show\" src=\"https:\/\/player.vimeo.com\/video\/268338288?dnt=1&amp;app_id=122963\" width=\"500\" height=\"281\" frameborder=\"0\" allow=\"autoplay; fullscreen; picture-in-picture; clipboard-write; encrypted-media; web-share\" referrerpolicy=\"strict-origin-when-cross-origin\"><\/iframe>\n<\/div><\/figure>\n\n\n\n<div style=\"height:30px\" aria-hidden=\"true\" class=\"wp-block-spacer\"><\/div>\n\n\n\n<h4 class=\"wp-block-heading\">TEASER<\/h4>\n\n\n\n<figure class=\"wp-block-embed is-type-video is-provider-vimeo wp-block-embed-vimeo wp-embed-aspect-16-9 wp-has-aspect-ratio\"><div class=\"wp-block-embed__wrapper\">\n<iframe loading=\"lazy\" title=\"Et-Co* PRIMe! Live Show - Teaser\" src=\"https:\/\/player.vimeo.com\/video\/271215217?dnt=1&amp;app_id=122963\" width=\"500\" height=\"281\" frameborder=\"0\" allow=\"autoplay; fullscreen; picture-in-picture; clipboard-write; encrypted-media; web-share\" referrerpolicy=\"strict-origin-when-cross-origin\"><\/iframe>\n<\/div><\/figure>\n\n\n\n<div style=\"height:30px\" aria-hidden=\"true\" class=\"wp-block-spacer\"><\/div>\n\n\n\n<h4 class=\"wp-block-heading\">PROTAGONISTES (PER ORDRE ALFAB\u00c8TIC)<\/h4>\n\n\n\n<pre class=\"wp-block-preformatted has-cyan-bluish-gray-background-color has-background\">Alejandro Conde Poveda, Antonio Le\u00f3n, Biel Solsona, David Chueca, Mariano Varela, Paloma Moreno, Patrizia Barbieri, Patr\u00edcia Salbi i Sonia Linares<\/pre>\n\n\n\n<div style=\"height:30px\" aria-hidden=\"true\" class=\"wp-block-spacer\"><\/div>\n\n\n\n<h4 class=\"wp-block-heading\">FITXA T\u00c8CNICA<\/h4>\n\n\n\n<pre class=\"wp-block-preformatted has-cyan-bluish-gray-background-color has-background\">DURADA: 38'<br>G\u00c8NERE: Documental musical<br>FORMAT GRAVACI\u00d3: HD 16:9<br>FORMAT PROJECCI\u00d3: DCP, ProRes o H264<br>IDIOMA: catal\u00e0 i castell\u00e0<br>SUBT\u00cdTOLS: castell\u00e0<br>ANY: 2018<\/pre>\n\n\n\n<div style=\"height:30px\" aria-hidden=\"true\" class=\"wp-block-spacer\"><\/div>\n\n\n\n<h4 class=\"wp-block-heading\">EQUIP<\/h4>\n\n\n\n<pre class=\"wp-block-preformatted has-cyan-bluish-gray-background-color has-background\">C\u00c0MERES: Sergio Rodr\u00edguez i Nando Caballero<br>POST-PRODUCCI\u00d3 \u00c0UDIO CONCERT: David Chueca<br>M\u00daSICA: Et-Co*<br>GUI\u00d3, DIRECCI\u00d3, MUNTATGE, EDICI\u00d3 DE SO I ETALONATGE: Nando Caballero<\/pre>\n\n\n\n<div style=\"height:30px\" aria-hidden=\"true\" class=\"wp-block-spacer\"><\/div>\n\n\n\n<h6 class=\"wp-block-heading\">Una producci\u00f3 de La Produktiva Films, <a href=\"http:\/\/www.marleerecords.com\/\" target=\"_blank\" rel=\"noopener noreferrer\">Marlee Records<\/a> i <a href=\"https:\/\/www.ambp.cat\/\" target=\"_blank\" rel=\"noopener noreferrer\">AMBP<\/a><\/h6>\n","protected":false},"excerpt":{"rendered":"<p>un m\u00f3n ut\u00f2pic El documental &#8220;PRIMe! Live Show&#8221; explica la hist\u00f2ria de gestaci\u00f3 de la performance que la banda Et-Co* va idear per a la presentaci\u00f3 del seu segon disc PRIMe!, on el m\u00f3n tecnol\u00f2gic i el tribal es donen la m\u00e0. La cinta reflecteix el treball d&#8217;uns artistes independents, oferint un retrat fidel d&#8217;una [&hellip;]<\/p>\n","protected":false},"author":1,"featured_media":2979,"parent":0,"menu_order":0,"comment_status":"closed","ping_status":"closed","template":"","meta":{"footnotes":""},"class_list":["post-896","page","type-page","status-publish","has-post-thumbnail","hentry"],"_links":{"self":[{"href":"https:\/\/www.laproduktiva.com\/films\/wp-json\/wp\/v2\/pages\/896","targetHints":{"allow":["GET"]}}],"collection":[{"href":"https:\/\/www.laproduktiva.com\/films\/wp-json\/wp\/v2\/pages"}],"about":[{"href":"https:\/\/www.laproduktiva.com\/films\/wp-json\/wp\/v2\/types\/page"}],"author":[{"embeddable":true,"href":"https:\/\/www.laproduktiva.com\/films\/wp-json\/wp\/v2\/users\/1"}],"replies":[{"embeddable":true,"href":"https:\/\/www.laproduktiva.com\/films\/wp-json\/wp\/v2\/comments?post=896"}],"version-history":[{"count":28,"href":"https:\/\/www.laproduktiva.com\/films\/wp-json\/wp\/v2\/pages\/896\/revisions"}],"predecessor-version":[{"id":2925,"href":"https:\/\/www.laproduktiva.com\/films\/wp-json\/wp\/v2\/pages\/896\/revisions\/2925"}],"wp:featuredmedia":[{"embeddable":true,"href":"https:\/\/www.laproduktiva.com\/films\/wp-json\/wp\/v2\/media\/2979"}],"wp:attachment":[{"href":"https:\/\/www.laproduktiva.com\/films\/wp-json\/wp\/v2\/media?parent=896"}],"curies":[{"name":"wp","href":"https:\/\/api.w.org\/{rel}","templated":true}]}}