{"id":3359,"date":"2026-03-22T09:05:19","date_gmt":"2026-03-22T09:05:19","guid":{"rendered":"https:\/\/www.laproduktiva.com\/films\/?page_id=3359"},"modified":"2026-03-28T12:33:24","modified_gmt":"2026-03-28T12:33:24","slug":"los-watts-rock-als-ossos","status":"publish","type":"page","link":"https:\/\/www.laproduktiva.com\/films\/los-watts-rock-als-ossos\/","title":{"rendered":"Los Watts (Rock als ossos)"},"content":{"rendered":"\n<div style=\"height:60px\" aria-hidden=\"true\" class=\"wp-block-spacer\"><\/div>\n\n\n\n<div class=\"wp-block-media-text alignwide is-stacked-on-mobile is-vertically-aligned-center\" style=\"grid-template-columns:35% auto\"><figure class=\"wp-block-media-text__media\"><a href=\"https:\/\/www.laproduktiva.com\/films\/wp-content\/uploads\/Cartell-Watts-TEULADA-XARXES.jpg\" target=\"_blank\" rel=\"noreferrer noopener\"><img loading=\"lazy\" decoding=\"async\" width=\"724\" height=\"1024\" src=\"https:\/\/www.laproduktiva.com\/films\/wp-content\/uploads\/Cartell-Watts-TEULADA-XARXES-724x1024.jpg\" alt=\"\" class=\"wp-image-3377 size-full\" srcset=\"https:\/\/www.laproduktiva.com\/films\/wp-content\/uploads\/Cartell-Watts-TEULADA-XARXES-724x1024.jpg 724w, https:\/\/www.laproduktiva.com\/films\/wp-content\/uploads\/Cartell-Watts-TEULADA-XARXES-212x300.jpg 212w, https:\/\/www.laproduktiva.com\/films\/wp-content\/uploads\/Cartell-Watts-TEULADA-XARXES-768x1086.jpg 768w, https:\/\/www.laproduktiva.com\/films\/wp-content\/uploads\/Cartell-Watts-TEULADA-XARXES-1086x1536.jpg 1086w, https:\/\/www.laproduktiva.com\/films\/wp-content\/uploads\/Cartell-Watts-TEULADA-XARXES-1448x2048.jpg 1448w, https:\/\/www.laproduktiva.com\/films\/wp-content\/uploads\/Cartell-Watts-TEULADA-XARXES.jpg 1754w\" sizes=\"auto, (max-width: 724px) 100vw, 724px\" \/><\/a><\/figure><div class=\"wp-block-media-text__content\">\n<p>\u201cLos Watts, rock als ossos\u201d \u00e9s un documental (produ\u00eft per La Produktiva Films i dirigit per Nando Caballero) amb una dimensi\u00f3 \u00edntima i generacional que explora els inicis del rock als anys seixanta a les comarques catalanes a trav\u00e9s d\u2019un relat personal.<\/p>\n\n\n\n<p>El film segueix Franc Guardia, m\u00fasic i fill d\u2019un dels membres de Los Watts, en el seu intent de reconstruir la hist\u00f2ria del grup del seu pare, una banda sorgida a Sabadell a mitjans dels anys seixanta en plena eclosi\u00f3 de la m\u00fasica moderna. A partir d\u2019aquest punt de vista, el documental articula un relat que combina mem\u00f2ria familiar i hist\u00f2ria cultural.<\/p>\n\n\n\n<p>La pel\u00b7l\u00edcula posa en di\u00e0leg dues generacions de m\u00fasics, la dels pioners i la contempor\u00e0nia, i reflexiona sobre la transmissi\u00f3 del llegat, la identitat i el paper de la m\u00fasica com a vincle emocional i cultural. Paral\u00b7lelament, ofereix una mirada a l\u2019escena musical emergent de l\u2019\u00e8poca i construeix un retrat antropol\u00f2gic d\u2019un Sabadell avui desaparegut.<\/p>\n\n\n\n<p>\u201cLos Watts, rock als ossos\u201d \u00e9s, en ess\u00e8ncia, un acte d\u2019amor: a un pare, a la m\u00fasica i a una hist\u00f2ria que mereix no ser oblidada. <\/p>\n<\/div><\/div>\n\n\n\n<div style=\"height:30px\" aria-hidden=\"true\" class=\"wp-block-spacer\"><\/div>\n\n\n\n<h4 class=\"wp-block-heading\">PROJECCIONS<\/h4>\n\n\n\n<pre class=\"wp-block-preformatted has-background\" style=\"background-color:#eeeeee\">BEN AVIAT<br>PROXIMAMENTE<br>COMING SOON<\/pre>\n\n\n\n<div style=\"height:30px\" aria-hidden=\"true\" class=\"wp-block-spacer\"><\/div>\n\n\n\n<h4 class=\"wp-block-heading\">TEASER<\/h4>\n\n\n\n<figure class=\"wp-block-embed is-type-video is-provider-vimeo wp-block-embed-vimeo wp-embed-aspect-16-9 wp-has-aspect-ratio\"><div class=\"wp-block-embed__wrapper\">\n<iframe loading=\"lazy\" title=\"Documental Los Watts - Teaser 1 (Inicis i Club Juvenil)\" src=\"https:\/\/player.vimeo.com\/video\/1175891086?dnt=1&amp;app_id=122963\" width=\"500\" height=\"281\" frameborder=\"0\" allow=\"autoplay; fullscreen; picture-in-picture; clipboard-write; encrypted-media; web-share\" referrerpolicy=\"strict-origin-when-cross-origin\"><\/iframe>\n<\/div><\/figure>\n\n\n\n<div style=\"height:30px\" aria-hidden=\"true\" class=\"wp-block-spacer\"><\/div>\n\n\n\n<h4 class=\"wp-block-heading\">FOTOgrames<\/h4>\n\n\n\n<div class=\"wp-block-columns is-layout-flex wp-container-core-columns-is-layout-28f84493 wp-block-columns-is-layout-flex\">\n<div class=\"wp-block-column is-layout-flow wp-block-column-is-layout-flow\" style=\"flex-basis:100%\"><style type=\"text\/css\">\n#foogallery-gallery-3393 .fg-image { width: 200px; }<\/style>\n\t\t\t<div class=\"foogallery foogallery-container foogallery-carousel foogallery-lightbox-foogallery fg-carousel fg-ready fg-light fg-border-medium fg-round-small fg-shadow-medium fg-loading-default fg-loaded-fade-in fg-hover-semi-zoomed fg-hover-fade fg-hover-circle-plus2\" id=\"foogallery-gallery-3393\" data-foogallery=\"{&quot;item&quot;:{&quot;showCaptionTitle&quot;:true,&quot;showCaptionDescription&quot;:true},&quot;lazy&quot;:true,&quot;template&quot;:{&quot;maxItems&quot;:5,&quot;scale&quot;:0.12,&quot;gutter&quot;:{&quot;min&quot;:-40,&quot;max&quot;:-20,&quot;unit&quot;:&quot;%&quot;},&quot;autoplay&quot;:{&quot;time&quot;:0,&quot;interaction&quot;:&quot;pause&quot;},&quot;centerOnClick&quot;:true,&quot;align&quot;:&quot;center&quot;,&quot;activePosition&quot;:&quot;center&quot;}}\" data-foogallery-lightbox=\"{&quot;thumbs&quot;:&quot;bottom&quot;,&quot;thumbsCaptions&quot;:false,&quot;thumbsBestFit&quot;:false,&quot;thumbsSmall&quot;:false,&quot;thumbsCaptionsAlign&quot;:&quot;default&quot;,&quot;info&quot;:&quot;bottom&quot;,&quot;infoVisible&quot;:true,&quot;infoOverlay&quot;:true,&quot;infoAlign&quot;:&quot;default&quot;,&quot;transition&quot;:&quot;fade&quot;,&quot;hoverButtons&quot;:false,&quot;fitMedia&quot;:false,&quot;noScrollbars&quot;:true,&quot;preserveButtonSpace&quot;:true,&quot;buttons&quot;:{&quot;fullscreen&quot;:true,&quot;info&quot;:true,&quot;thumbs&quot;:false},&quot;video&quot;:{&quot;autoPlay&quot;:true}}\" style=\"--fg-title-line-clamp: 1; --fg-description-line-clamp: 2;\" >\n\t<button type=\"button\" class=\"fg-carousel-prev\" title=\"Previous\"><\/button>\n\t<div class=\"fg-carousel-inner\">\n\t\t<div class=\"fg-carousel-center\"><\/div>\n\t\t<div class=\"fg-item fg-type-image fg-idle\"><figure class=\"fg-item-inner\"><a href=\"https:\/\/www.laproduktiva.com\/films\/wp-content\/uploads\/Fotograma-4.png\" data-attachment-id=\"3389\" data-type=\"image\" class=\"fg-thumb\"><span class=\"fg-image-wrap\"><img decoding=\"async\" width=\"200\" height=\"200\" class=\"skip-lazy fg-image\" data-src-fg=\"https:\/\/www.laproduktiva.com\/films\/wp-content\/uploads\/cache\/Fotograma-4\/1277286371.png\" src=\"data:image\/svg+xml,%3Csvg%20xmlns%3D%22http%3A%2F%2Fwww.w3.org%2F2000%2Fsvg%22%20width%3D%22200%22%20height%3D%22200%22%20viewBox%3D%220%200%20200%20200%22%3E%3C%2Fsvg%3E\" loading=\"eager\"><\/span><span class=\"fg-image-overlay\"><\/span><\/a><\/figure><div class=\"fg-loader\"><\/div><\/div><div class=\"fg-item fg-type-image fg-idle\"><figure class=\"fg-item-inner\"><a href=\"https:\/\/www.laproduktiva.com\/films\/wp-content\/uploads\/Fotograma-3.png\" data-attachment-id=\"3388\" data-type=\"image\" class=\"fg-thumb\"><span class=\"fg-image-wrap\"><img decoding=\"async\" width=\"200\" height=\"200\" class=\"skip-lazy fg-image\" data-src-fg=\"https:\/\/www.laproduktiva.com\/films\/wp-content\/uploads\/cache\/Fotograma-3\/1370989770.png\" src=\"data:image\/svg+xml,%3Csvg%20xmlns%3D%22http%3A%2F%2Fwww.w3.org%2F2000%2Fsvg%22%20width%3D%22200%22%20height%3D%22200%22%20viewBox%3D%220%200%20200%20200%22%3E%3C%2Fsvg%3E\" loading=\"eager\"><\/span><span class=\"fg-image-overlay\"><\/span><\/a><\/figure><div class=\"fg-loader\"><\/div><\/div><div class=\"fg-item fg-type-image fg-idle\"><figure class=\"fg-item-inner\"><a href=\"https:\/\/www.laproduktiva.com\/films\/wp-content\/uploads\/Fotograma-2.png\" data-attachment-id=\"3387\" data-type=\"image\" class=\"fg-thumb\"><span class=\"fg-image-wrap\"><img decoding=\"async\" width=\"200\" height=\"200\" class=\"skip-lazy fg-image\" data-src-fg=\"https:\/\/www.laproduktiva.com\/films\/wp-content\/uploads\/cache\/Fotograma-2\/3708759866.png\" src=\"data:image\/svg+xml,%3Csvg%20xmlns%3D%22http%3A%2F%2Fwww.w3.org%2F2000%2Fsvg%22%20width%3D%22200%22%20height%3D%22200%22%20viewBox%3D%220%200%20200%20200%22%3E%3C%2Fsvg%3E\" loading=\"eager\"><\/span><span class=\"fg-image-overlay\"><\/span><\/a><\/figure><div class=\"fg-loader\"><\/div><\/div><div class=\"fg-item fg-type-image fg-idle\"><figure class=\"fg-item-inner\"><a href=\"https:\/\/www.laproduktiva.com\/films\/wp-content\/uploads\/Fotograma-1.png\" data-attachment-id=\"3385\" data-type=\"image\" class=\"fg-thumb\"><span class=\"fg-image-wrap\"><img decoding=\"async\" width=\"200\" height=\"200\" class=\"skip-lazy fg-image\" data-src-fg=\"https:\/\/www.laproduktiva.com\/films\/wp-content\/uploads\/cache\/Fotograma-1\/665812968.png\" src=\"data:image\/svg+xml,%3Csvg%20xmlns%3D%22http%3A%2F%2Fwww.w3.org%2F2000%2Fsvg%22%20width%3D%22200%22%20height%3D%22200%22%20viewBox%3D%220%200%20200%20200%22%3E%3C%2Fsvg%3E\" loading=\"eager\"><\/span><span class=\"fg-image-overlay\"><\/span><\/a><\/figure><div class=\"fg-loader\"><\/div><\/div><div class=\"fg-item fg-type-image fg-idle\"><figure class=\"fg-item-inner\"><a href=\"https:\/\/www.laproduktiva.com\/films\/wp-content\/uploads\/Fotograma-8.png\" data-attachment-id=\"3386\" data-type=\"image\" class=\"fg-thumb\"><span class=\"fg-image-wrap\"><img decoding=\"async\" width=\"200\" height=\"200\" class=\"skip-lazy fg-image\" data-src-fg=\"https:\/\/www.laproduktiva.com\/films\/wp-content\/uploads\/cache\/Fotograma-8\/2606766922.png\" src=\"data:image\/svg+xml,%3Csvg%20xmlns%3D%22http%3A%2F%2Fwww.w3.org%2F2000%2Fsvg%22%20width%3D%22200%22%20height%3D%22200%22%20viewBox%3D%220%200%20200%20200%22%3E%3C%2Fsvg%3E\" loading=\"eager\"><\/span><span class=\"fg-image-overlay\"><\/span><\/a><\/figure><div class=\"fg-loader\"><\/div><\/div><div class=\"fg-item fg-type-image fg-idle\"><figure class=\"fg-item-inner\"><a href=\"https:\/\/www.laproduktiva.com\/films\/wp-content\/uploads\/Fotograma-5.png\" data-attachment-id=\"3383\" data-type=\"image\" class=\"fg-thumb\"><span class=\"fg-image-wrap\"><img decoding=\"async\" width=\"200\" height=\"200\" class=\"skip-lazy fg-image\" data-src-fg=\"https:\/\/www.laproduktiva.com\/films\/wp-content\/uploads\/cache\/Fotograma-5\/1066698817.png\" src=\"data:image\/svg+xml,%3Csvg%20xmlns%3D%22http%3A%2F%2Fwww.w3.org%2F2000%2Fsvg%22%20width%3D%22200%22%20height%3D%22200%22%20viewBox%3D%220%200%20200%20200%22%3E%3C%2Fsvg%3E\" loading=\"eager\"><\/span><span class=\"fg-image-overlay\"><\/span><\/a><\/figure><div class=\"fg-loader\"><\/div><\/div><div class=\"fg-item fg-type-image fg-idle\"><figure class=\"fg-item-inner\"><a href=\"https:\/\/www.laproduktiva.com\/films\/wp-content\/uploads\/Fotograma-7.png\" data-attachment-id=\"3384\" data-type=\"image\" class=\"fg-thumb\"><span class=\"fg-image-wrap\"><img decoding=\"async\" width=\"200\" height=\"200\" class=\"skip-lazy fg-image\" data-src-fg=\"https:\/\/www.laproduktiva.com\/films\/wp-content\/uploads\/cache\/Fotograma-7\/913268439.png\" src=\"data:image\/svg+xml,%3Csvg%20xmlns%3D%22http%3A%2F%2Fwww.w3.org%2F2000%2Fsvg%22%20width%3D%22200%22%20height%3D%22200%22%20viewBox%3D%220%200%20200%20200%22%3E%3C%2Fsvg%3E\" loading=\"eager\"><\/span><span class=\"fg-image-overlay\"><\/span><\/a><\/figure><div class=\"fg-loader\"><\/div><\/div><div class=\"fg-item fg-type-image fg-idle\"><figure class=\"fg-item-inner\"><a href=\"https:\/\/www.laproduktiva.com\/films\/wp-content\/uploads\/Fotograma-6.png\" data-attachment-id=\"3382\" data-type=\"image\" class=\"fg-thumb\"><span class=\"fg-image-wrap\"><img decoding=\"async\" width=\"200\" height=\"200\" class=\"skip-lazy fg-image\" data-src-fg=\"https:\/\/www.laproduktiva.com\/films\/wp-content\/uploads\/cache\/Fotograma-6\/1723115290.png\" src=\"data:image\/svg+xml,%3Csvg%20xmlns%3D%22http%3A%2F%2Fwww.w3.org%2F2000%2Fsvg%22%20width%3D%22200%22%20height%3D%22200%22%20viewBox%3D%220%200%20200%20200%22%3E%3C%2Fsvg%3E\" loading=\"eager\"><\/span><span class=\"fg-image-overlay\"><\/span><\/a><\/figure><div class=\"fg-loader\"><\/div><\/div>\t<\/div>\n\t<div class=\"fg-carousel-bottom\"><\/div>\n\t<div class=\"fg-carousel-progress\"><\/div>\n\t<button type=\"button\" class=\"fg-carousel-next\" title=\"Next\"><\/button>\n<\/div>\n\n\n<div style=\"height:30px\" aria-hidden=\"true\" class=\"wp-block-spacer\"><\/div>\n\n\n\n<h4 class=\"wp-block-heading\">PROTAGONISTES (PER ORDRE ALFAB\u00c8TIC)<\/h4>\n\n\n\n<pre class=\"wp-block-preformatted has-background\" style=\"background-color:#eeeeee\">\u00c0ngel Guardia, Antonio Garc\u00eda, David Felguera, Elisabet Guardia, Esperan\u00e7a Luna, Franc Guardia, Jaume Barber\u00e0, Jaume F. Mulet, Joaquim Catal\u00e1n, Josep Tvrdy, Llu\u00eds Caralt, Miquel Molinas, Miquel Vives, Paco Aguil\u00f3, Pau Duran, Pep Abella, Pep Servera, Pere Massagu\u00e9, Ramona Condal, Ra\u00fal Maldonado, Robert Cant\u00f3, Ventura Fabreg\u00f3, Vict\u00f2ria S\u00e1nchez.<\/pre>\n\n\n\n<div style=\"height:30px\" aria-hidden=\"true\" class=\"wp-block-spacer\"><\/div>\n\n\n\n<h4 class=\"wp-block-heading\">fitxa t\u00e8cnica<\/h4>\n\n\n\n<pre class=\"wp-block-preformatted has-background\" style=\"background-color:#eeeeee\">DURADA: 77'<br>G\u00c8NERE: Documental musical<br>FORMAT GRAVACI\u00d3: 4K<br>FORMAT PROJECCI\u00d3: HD 16:9 (DCP, ProRes o H264)<br>IDIOMA: catal\u00e0 i castell\u00e0<br>SUBT\u00cdTOLS: castell\u00e0 i angl\u00e8s<br>ANY: 2026<\/pre>\n<\/div>\n<\/div>\n\n\n\n<div style=\"height:30px\" aria-hidden=\"true\" class=\"wp-block-spacer\"><\/div>\n\n\n\n<h4 class=\"wp-block-heading\">EQUIP<\/h4>\n\n\n\n<pre class=\"wp-block-preformatted has-background\" style=\"background-color:#eeeeee\">DIRECCI\u00d3, C\u00c0MERA, MUNTATGE, ETALONATGE, GRAFISME, ANIMACIONS I MESCLES D\u2019\u00c0UDIO: Nando Caballero<br>C\u00c0MERA AUXILIAR: Jose Pi\u00f1a<br>SO DIRECTE: Montse Ben\u00edtez i Nando Caballero<br>GUI\u00d3 I DOCUMENTACI\u00d3: Franc Guardia<br>PRODUCCI\u00d3: Associaci\u00f3 Cultural M\u00fasica dels 60 SBD<\/pre>\n\n\n\n<div style=\"height:30px\" aria-hidden=\"true\" class=\"wp-block-spacer\"><\/div>\n\n\n\n<h6 class=\"wp-block-heading\">Una producci\u00f3 de La Produktiva Films<\/h6>\n","protected":false},"excerpt":{"rendered":"<p>\u201cLos Watts, rock als ossos\u201d \u00e9s un documental (produ\u00eft per La Produktiva Films i dirigit per Nando Caballero) amb una dimensi\u00f3 \u00edntima i generacional que explora els inicis del rock als anys seixanta a les comarques catalanes a trav\u00e9s d\u2019un relat personal. El film segueix Franc Guardia, m\u00fasic i fill d\u2019un dels membres de Los [&hellip;]<\/p>\n","protected":false},"author":2,"featured_media":3361,"parent":0,"menu_order":0,"comment_status":"closed","ping_status":"closed","template":"","meta":{"footnotes":""},"class_list":["post-3359","page","type-page","status-publish","has-post-thumbnail","hentry"],"_links":{"self":[{"href":"https:\/\/www.laproduktiva.com\/films\/wp-json\/wp\/v2\/pages\/3359","targetHints":{"allow":["GET"]}}],"collection":[{"href":"https:\/\/www.laproduktiva.com\/films\/wp-json\/wp\/v2\/pages"}],"about":[{"href":"https:\/\/www.laproduktiva.com\/films\/wp-json\/wp\/v2\/types\/page"}],"author":[{"embeddable":true,"href":"https:\/\/www.laproduktiva.com\/films\/wp-json\/wp\/v2\/users\/2"}],"replies":[{"embeddable":true,"href":"https:\/\/www.laproduktiva.com\/films\/wp-json\/wp\/v2\/comments?post=3359"}],"version-history":[{"count":24,"href":"https:\/\/www.laproduktiva.com\/films\/wp-json\/wp\/v2\/pages\/3359\/revisions"}],"predecessor-version":[{"id":3401,"href":"https:\/\/www.laproduktiva.com\/films\/wp-json\/wp\/v2\/pages\/3359\/revisions\/3401"}],"wp:featuredmedia":[{"embeddable":true,"href":"https:\/\/www.laproduktiva.com\/films\/wp-json\/wp\/v2\/media\/3361"}],"wp:attachment":[{"href":"https:\/\/www.laproduktiva.com\/films\/wp-json\/wp\/v2\/media?parent=3359"}],"curies":[{"name":"wp","href":"https:\/\/api.w.org\/{rel}","templated":true}]}}