{"id":3302,"date":"2025-12-19T13:27:04","date_gmt":"2025-12-19T13:27:04","guid":{"rendered":"https:\/\/www.laproduktiva.com\/films\/?page_id=3302"},"modified":"2026-04-08T17:46:31","modified_gmt":"2026-04-08T17:46:31","slug":"lanima-de-les-festes","status":"publish","type":"page","link":"https:\/\/www.laproduktiva.com\/films\/lanima-de-les-festes\/","title":{"rendered":"L&#8217;\u00e0nima de les festes"},"content":{"rendered":"\n<div style=\"height:30px\" aria-hidden=\"true\" class=\"wp-block-spacer\"><\/div>\n\n\n\n<div class=\"wp-block-media-text is-stacked-on-mobile is-vertically-aligned-center\"><figure class=\"wp-block-media-text__media\"><img loading=\"lazy\" decoding=\"async\" width=\"731\" height=\"1024\" src=\"https:\/\/www.laproduktiva.com\/films\/wp-content\/uploads\/Cartell-LADLF-xarxes-731x1024.png\" alt=\"\" class=\"wp-image-3311 size-full\" srcset=\"https:\/\/www.laproduktiva.com\/films\/wp-content\/uploads\/Cartell-LADLF-xarxes-731x1024.png 731w, https:\/\/www.laproduktiva.com\/films\/wp-content\/uploads\/Cartell-LADLF-xarxes-214x300.png 214w, https:\/\/www.laproduktiva.com\/films\/wp-content\/uploads\/Cartell-LADLF-xarxes-768x1075.png 768w, https:\/\/www.laproduktiva.com\/films\/wp-content\/uploads\/Cartell-LADLF-xarxes-1097x1536.png 1097w, https:\/\/www.laproduktiva.com\/films\/wp-content\/uploads\/Cartell-LADLF-xarxes-1463x2048.png 1463w, https:\/\/www.laproduktiva.com\/films\/wp-content\/uploads\/Cartell-LADLF-xarxes.png 1772w\" sizes=\"auto, (max-width: 731px) 100vw, 731px\" \/><\/figure><div class=\"wp-block-media-text__content\">\n<p>En un taller abandonat, una dona es desperta confosa i envoltada de pres\u00e8ncies inquietants. El que sembla una broma es transforma en un malson, perqu\u00e8 quan els records tornen, no sempre ho fan amb un somriure.<\/p>\n<\/div><\/div>\n\n\n\n<div style=\"height:30px\" aria-hidden=\"true\" class=\"wp-block-spacer\"><\/div>\n\n\n\n<h4 class=\"wp-block-heading\">PROJECCIONS<\/h4>\n\n\n\n<pre class=\"wp-block-preformatted has-cyan-bluish-gray-background-color has-background\">10\/04\/2026 - Festival Curt-Movies, Cinema Mald\u00e0, BCN<\/pre>\n\n\n\n<div style=\"height:30px\" aria-hidden=\"true\" class=\"wp-block-spacer\"><\/div>\n\n\n\n<figure class=\"wp-block-embed is-type-video is-provider-vimeo wp-block-embed-vimeo wp-embed-aspect-16-9 wp-has-aspect-ratio\"><div class=\"wp-block-embed__wrapper\">\n<iframe loading=\"lazy\" title=\"Trailer de &quot;L&#039;\u00e0nima de les festes&quot;\" src=\"https:\/\/player.vimeo.com\/video\/1148035793?dnt=1&amp;app_id=122963\" width=\"500\" height=\"281\" frameborder=\"0\" allow=\"autoplay; fullscreen; picture-in-picture; clipboard-write; encrypted-media; web-share\" referrerpolicy=\"strict-origin-when-cross-origin\"><\/iframe>\n<\/div><\/figure>\n\n\n\n<div style=\"height:30px\" aria-hidden=\"true\" class=\"wp-block-spacer\"><\/div>\n\n\n\n<h4 class=\"wp-block-heading\">equip<\/h4>\n\n\n\n<pre class=\"wp-block-preformatted has-cyan-bluish-gray-background-color has-background\">Marta: Gisela Punt\u00ed<br>Pallasso: Guffin The Clown<br>Pere i veu Pallasso: Anskar Caballero<br><br>GUI\u00d3, DIRECCI\u00d3, C\u00c0MERA, FOTOGRAFIA, MUNTATGE I COLOR: Nando Caballero<br>AJUDANT DE DIRECCI\u00d3 I FOTOGRAFIA: Xavier Guillaumes<br>SO DIRECTE I FOTO FIXA: Rom Campanelli<br>M\u00daSICA: Stefan Kraft i Gaspar Monterde<\/pre>\n\n\n\n<div style=\"height:30px\" aria-hidden=\"true\" class=\"wp-block-spacer\"><\/div>\n\n\n\n<h6 class=\"wp-block-heading\">Una producci\u00f3 de La Produktiva Films<\/h6>\n","protected":false},"excerpt":{"rendered":"<p>En un taller abandonat, una dona es desperta confosa i envoltada de pres\u00e8ncies inquietants. El que sembla una broma es transforma en un malson, perqu\u00e8 quan els records tornen, no sempre ho fan amb un somriure. PROJECCIONS 10\/04\/2026 &#8211; Festival Curt-Movies, Cinema Mald\u00e0, BCN equip Marta: Gisela Punt\u00edPallasso: Guffin The ClownPere i veu Pallasso: Anskar [&hellip;]<\/p>\n","protected":false},"author":2,"featured_media":3310,"parent":0,"menu_order":0,"comment_status":"closed","ping_status":"closed","template":"","meta":{"footnotes":""},"class_list":["post-3302","page","type-page","status-publish","has-post-thumbnail","hentry"],"_links":{"self":[{"href":"https:\/\/www.laproduktiva.com\/films\/wp-json\/wp\/v2\/pages\/3302","targetHints":{"allow":["GET"]}}],"collection":[{"href":"https:\/\/www.laproduktiva.com\/films\/wp-json\/wp\/v2\/pages"}],"about":[{"href":"https:\/\/www.laproduktiva.com\/films\/wp-json\/wp\/v2\/types\/page"}],"author":[{"embeddable":true,"href":"https:\/\/www.laproduktiva.com\/films\/wp-json\/wp\/v2\/users\/2"}],"replies":[{"embeddable":true,"href":"https:\/\/www.laproduktiva.com\/films\/wp-json\/wp\/v2\/comments?post=3302"}],"version-history":[{"count":7,"href":"https:\/\/www.laproduktiva.com\/films\/wp-json\/wp\/v2\/pages\/3302\/revisions"}],"predecessor-version":[{"id":3408,"href":"https:\/\/www.laproduktiva.com\/films\/wp-json\/wp\/v2\/pages\/3302\/revisions\/3408"}],"wp:featuredmedia":[{"embeddable":true,"href":"https:\/\/www.laproduktiva.com\/films\/wp-json\/wp\/v2\/media\/3310"}],"wp:attachment":[{"href":"https:\/\/www.laproduktiva.com\/films\/wp-json\/wp\/v2\/media?parent=3302"}],"curies":[{"name":"wp","href":"https:\/\/api.w.org\/{rel}","templated":true}]}}