{"id":2276,"date":"2024-08-07T07:40:07","date_gmt":"2024-08-07T07:40:07","guid":{"rendered":"https:\/\/www.laproduktiva.com\/films\/?page_id=2276"},"modified":"2025-12-11T16:29:57","modified_gmt":"2025-12-11T16:29:57","slug":"lultim-salt","status":"publish","type":"page","link":"https:\/\/www.laproduktiva.com\/films\/lultim-salt\/","title":{"rendered":"L&#8217;\u00faltim salt"},"content":{"rendered":"\n<div style=\"height:60px\" aria-hidden=\"true\" class=\"wp-block-spacer\"><\/div>\n\n\n\n<div class=\"wp-block-media-text alignwide is-stacked-on-mobile is-vertically-aligned-top\" style=\"grid-template-columns:35% auto\"><figure class=\"wp-block-media-text__media\"><a href=\"https:\/\/www.laproduktiva.com\/films\/wp-content\/uploads\/Cartell-LUS-petit-web.jpg\" target=\"_blank\" rel=\"noreferrer noopener\"><img loading=\"lazy\" decoding=\"async\" width=\"496\" height=\"701\" src=\"https:\/\/www.laproduktiva.com\/films\/wp-content\/uploads\/Cartell-LUS-petit-web.jpg\" alt=\"\" class=\"wp-image-1930 size-full\" srcset=\"https:\/\/www.laproduktiva.com\/films\/wp-content\/uploads\/Cartell-LUS-petit-web.jpg 496w, https:\/\/www.laproduktiva.com\/films\/wp-content\/uploads\/Cartell-LUS-petit-web-212x300.jpg 212w\" sizes=\"auto, (max-width: 496px) 100vw, 496px\" \/><\/a><\/figure><div class=\"wp-block-media-text__content\">\n<h4 class=\"wp-block-heading\">Amor, m\u00fasica i segones oportunitats: el salt que no veur\u00e0s venir<\/h4>\n\n\n\n<p>En ple estiu i sota una calor asfixiant, la Jana, fot\u00f2grafa publicit\u00e0ria, decideix trencar amb tot un any despr\u00e9s de la tr\u00e0gica mort del seu company en un accident de cotxe. El seu dest\u00ed \u00e9s Garmisch-Partenkirchen (Alemanya), la ciutat dels m\u00edtics salts d\u2019esqu\u00ed d\u2019Any Nou, on espera comen\u00e7ar de zero i deixar enrere els records que l\u2019atenallen.<\/p>\n\n\n\n<p>Abans de marxar, el seu cap li encarrega un \u00faltim reportatge. \u00c9s aleshores quan coneix l\u2019Arlet, una pintora a punt de triomfar en el m\u00f3n de l\u2019art, i l\u2019Estel, la seva inseparable companya d\u2019estudi. El que havia de ser una feina m\u00e9s es converteix en un punt d\u2019inflexi\u00f3: revelacions inesperades, un concert de punk i una connexi\u00f3 que podria canviar per sempre el rumb de la seva vida.<\/p>\n\n\n\n<p><em>L\u2019\u00faltim salt<\/em> \u00e9s una hist\u00f2ria rom\u00e0ntica i musical sobre els records que ens retenen, la valentia de comen\u00e7ar de nou, l\u2019\u00e8xit professional i la necessitat de la sinceritat dins la parella. <\/p>\n\n\n\n<p>Una producci\u00f3 independent, en catal\u00e0, realitzada per les productores vallesanes&nbsp;<a href=\"https:\/\/www.laproduktiva.com\/films\/\"><strong>La Produktiva Films<\/strong><\/a>,&nbsp;<a href=\"https:\/\/www.plansfilms.com\/\" target=\"_blank\" rel=\"noreferrer noopener\"><strong>Plans Films<\/strong><\/a>&nbsp;i&nbsp;<strong>A l\u2019Abast Produccions<\/strong>&nbsp;i enregistrada \u00edntegrament a la ciutat de Sabadell. Un drama mumblecore i&nbsp;LGTBIQ+. Una pel\u00b7l\u00edcula urgent i directa que s\u2019emmiralla en el treball dels&nbsp;<strong>Duplass Brothers<\/strong>&nbsp;o&nbsp;<strong>Xavier Dolan<\/strong>, per exemple.<\/p>\n<\/div><\/div>\n\n\n\n<div class=\"wp-block-media-text alignwide is-stacked-on-mobile is-vertically-aligned-center\" style=\"grid-template-columns:35% auto\"><figure class=\"wp-block-media-text__media\"><a href=\"https:\/\/www.laproduktiva.com\/films\/wp-content\/uploads\/jana_estel_teatre.jpg\" target=\"_blank\" rel=\"noreferrer noopener\"><img loading=\"lazy\" decoding=\"async\" width=\"1024\" height=\"576\" src=\"https:\/\/www.laproduktiva.com\/films\/wp-content\/uploads\/jana_estel_teatre-1024x576.jpg\" alt=\"\" class=\"wp-image-1803 size-full\" srcset=\"https:\/\/www.laproduktiva.com\/films\/wp-content\/uploads\/jana_estel_teatre-1024x576.jpg 1024w, https:\/\/www.laproduktiva.com\/films\/wp-content\/uploads\/jana_estel_teatre-300x169.jpg 300w, https:\/\/www.laproduktiva.com\/films\/wp-content\/uploads\/jana_estel_teatre-768x432.jpg 768w, https:\/\/www.laproduktiva.com\/films\/wp-content\/uploads\/jana_estel_teatre-1536x864.jpg 1536w, https:\/\/www.laproduktiva.com\/films\/wp-content\/uploads\/jana_estel_teatre.jpg 1920w\" sizes=\"auto, (max-width: 1024px) 100vw, 1024px\" \/><\/a><\/figure><div class=\"wp-block-media-text__content\">\n<h4 class=\"wp-block-heading\">PERSONATGES  PRINCIPALS<\/h4>\n\n\n\n<p>Jana (<strong>Anna Marin<\/strong>). Fot\u00f2grafa publicit\u00e0ria de Sabadell, introvertida i afable quan se la coneix. Viu sola des que el seu xicot, el Roger, va morir en un accident de cotxe fa un any. Apassionada dels salts d\u2019esqu\u00ed d\u2019Any Nou \u2014afici\u00f3 que compartia amb ell\u2014, treballa en una ag\u00e8ncia a punt de tancar. El dia de l\u2019aniversari de la seva mort decideix deixar-ho tot i marxar per comen\u00e7ar de nou.<\/p>\n\n\n\n<p>Estel (<strong>Anna Capac\u00e9s<\/strong>). Amb un estil <em>underground<\/em> i gaireb\u00e9 sempre vestida de negre, l\u2019Estel \u00e9s alegre, intensa i apassionada. De fam\u00edlia humil, viu per la pintura, tot i que mai ha tingut sort amb les galeries. Comparteix estudi i habitatge amb l\u2019Arlet \u2014propietat dels pares d\u2019ella\u2014 i n\u2019est\u00e0 enamorada des de sempre. Ara veu una oportunitat de canvi amb la proposta professional de la seva amiga i musa.<\/p>\n<\/div><\/div>\n\n\n\n<div class=\"wp-block-media-text alignwide is-stacked-on-mobile is-vertically-aligned-center\" style=\"grid-template-columns:35% auto\"><figure class=\"wp-block-media-text__media\"><a href=\"https:\/\/www.laproduktiva.com\/films\/wp-content\/uploads\/Imagen-fija027.png\" target=\"_blank\" rel=\"noreferrer noopener\"><img loading=\"lazy\" decoding=\"async\" width=\"1024\" height=\"576\" src=\"https:\/\/www.laproduktiva.com\/films\/wp-content\/uploads\/Imagen-fija027-1024x576.png\" alt=\"\" class=\"wp-image-3130 size-full\" srcset=\"https:\/\/www.laproduktiva.com\/films\/wp-content\/uploads\/Imagen-fija027-1024x576.png 1024w, https:\/\/www.laproduktiva.com\/films\/wp-content\/uploads\/Imagen-fija027-300x169.png 300w, https:\/\/www.laproduktiva.com\/films\/wp-content\/uploads\/Imagen-fija027-768x432.png 768w, https:\/\/www.laproduktiva.com\/films\/wp-content\/uploads\/Imagen-fija027-1536x864.png 1536w, https:\/\/www.laproduktiva.com\/films\/wp-content\/uploads\/Imagen-fija027.png 1920w\" sizes=\"auto, (max-width: 1024px) 100vw, 1024px\" \/><\/a><\/figure><div class=\"wp-block-media-text__content\">\n<h4 class=\"wp-block-heading\">PERSONATGES SECUNDARIS<\/h4>\n\n\n\n<p>Arlet (<strong>Alba Rubi\u00f3<\/strong>). Pintora extravertida i energ\u00e8tica, amb un look <em>hipster<\/em> i un aire d\u2019artista exagerat que amaga la seva inseguretat i manca de talent real. De fam\u00edlia rica, mai li ha faltat res. Mant\u00e9 relacions breus amb ambd\u00f3s sexes i manipula l\u2019Estel, sabent que aquesta est\u00e0 enamorada d\u2019ella.<\/p>\n<\/div><\/div>\n\n\n\n<div class=\"wp-block-media-text alignwide is-stacked-on-mobile is-vertically-aligned-center\" style=\"grid-template-columns:35% auto\"><figure class=\"wp-block-media-text__media\"><a href=\"https:\/\/www.laproduktiva.com\/films\/wp-content\/uploads\/Imagen-fija030.png\" target=\"_blank\" rel=\"noreferrer noopener\"><img loading=\"lazy\" decoding=\"async\" width=\"1024\" height=\"576\" src=\"https:\/\/www.laproduktiva.com\/films\/wp-content\/uploads\/Imagen-fija030-1024x576.png\" alt=\"\" class=\"wp-image-3132 size-full\" srcset=\"https:\/\/www.laproduktiva.com\/films\/wp-content\/uploads\/Imagen-fija030-1024x576.png 1024w, https:\/\/www.laproduktiva.com\/films\/wp-content\/uploads\/Imagen-fija030-300x169.png 300w, https:\/\/www.laproduktiva.com\/films\/wp-content\/uploads\/Imagen-fija030-768x432.png 768w, https:\/\/www.laproduktiva.com\/films\/wp-content\/uploads\/Imagen-fija030-1536x864.png 1536w, https:\/\/www.laproduktiva.com\/films\/wp-content\/uploads\/Imagen-fija030.png 1920w\" sizes=\"auto, (max-width: 1024px) 100vw, 1024px\" \/><\/a><\/figure><div class=\"wp-block-media-text__content\">\n<p>Llu\u00eds (<strong>Frank Capdet<\/strong>). Cap de la Jana a l\u2019ag\u00e8ncia, educat per\u00f2 impulsiu i sempre pendent del seu benefici. L\u2019empresa s\u2019enfonsa des que ell la dirigeix, mentre la seva vida personal decau entre l\u2019alcohol i les drogues. Enamorat de la Jana de tota la vida, van sortir junts quan eren joves.<\/p>\n<\/div><\/div>\n\n\n\n<div class=\"wp-block-media-text alignwide is-stacked-on-mobile is-vertically-aligned-center\" style=\"padding-top:0;padding-bottom:0;grid-template-columns:35% auto\"><figure class=\"wp-block-media-text__media\"><img loading=\"lazy\" decoding=\"async\" width=\"1024\" height=\"576\" src=\"https:\/\/www.laproduktiva.com\/films\/wp-content\/uploads\/nando2-1024x576.png\" alt=\"\" class=\"wp-image-3142 size-full\" srcset=\"https:\/\/www.laproduktiva.com\/films\/wp-content\/uploads\/nando2-1024x576.png 1024w, https:\/\/www.laproduktiva.com\/films\/wp-content\/uploads\/nando2-300x169.png 300w, https:\/\/www.laproduktiva.com\/films\/wp-content\/uploads\/nando2-768x432.png 768w, https:\/\/www.laproduktiva.com\/films\/wp-content\/uploads\/nando2-1536x864.png 1536w, https:\/\/www.laproduktiva.com\/films\/wp-content\/uploads\/nando2.png 1920w\" sizes=\"auto, (max-width: 1024px) 100vw, 1024px\" \/><\/figure><div class=\"wp-block-media-text__content\">\n<h4 class=\"wp-block-heading\">EL DIRECTOR<\/h4>\n\n\n\n<p style=\"padding-right:0;padding-left:0\">Nando Caballero (Barcelona, 1968) \u00e9s un cineasta i creador cultural amb una traject\u00f2ria consolidada en el m\u00f3n audiovisual. Despr\u00e9s d&#8217;una d\u00e8cada dedicada al documental musical i als videoclips, va fer el salt al llargmetratge de ficci\u00f3 amb <em>L&#8217;\u00faltim salt<\/em> (2022), la seva \u00f2pera prima com a director. Aquesta pel\u00b7l\u00edcula, rodada \u00edntegrament a Sabadell, \u00e9s un drama costumista amb tocs LGTBIQ+ que explora les relacions humanes i la superaci\u00f3 personal.<\/p>\n\n\n\n<p>Tamb\u00e9 \u00e9s guionista, productor i muntador de les seves pr\u00f2pies obres, amb una visi\u00f3 cinematogr\u00e0fica que aposta per la proximitat emocional i la sinceritat narrativa. La seva passi\u00f3 pel cinema i la seva connexi\u00f3 amb la ciutat de Sabadell impregnen <em>L&#8217;\u00faltim salt<\/em>, que esdev\u00e9 un homenatge a l&#8217;amor lliure i a l&#8217;entorn quotidi\u00e0 que l&#8217;ha vist cr\u00e9ixer.<\/p>\n\n\n\n<p>Amb aquesta pel\u00b7l\u00edcula, Caballero ha consolidat la seva veu \u00fanica en el panorama cinematogr\u00e0fic catal\u00e0, obrint noves perspectives per a la producci\u00f3 independent i l&#8217;exploraci\u00f3 de temes socials i personals.<\/p>\n<\/div><\/div>\n\n\n\n<div style=\"height:30px\" aria-hidden=\"true\" class=\"wp-block-spacer\"><\/div>\n\n\n\n<h4 class=\"wp-block-heading alignwide\">VEURE A PLATAFORMES<\/h4>\n\n\n\n<div class=\"wp-block-group alignwide is-nowrap is-layout-flex wp-container-core-group-is-layout-6c531013 wp-block-group-is-layout-flex\">\n<figure class=\"wp-block-table table, tr, td { border: none; } is-style-regular\"><table class=\"has-white-color has-white-background-color has-text-color has-background has-link-color\"><tbody><tr><td><a href=\"https:\/\/www.filmin.es\/pelicula\/el-ultimo-salto\" target=\"_blank\" rel=\"noreferrer noopener\"><img loading=\"lazy\" decoding=\"async\" width=\"150\" height=\"150\" class=\"wp-image-2155\" style=\"width: 150px;\" src=\"https:\/\/www.laproduktiva.com\/films\/wp-content\/uploads\/FILMIN.png\" alt=\"\" srcset=\"https:\/\/www.laproduktiva.com\/films\/wp-content\/uploads\/FILMIN.png 1024w, https:\/\/www.laproduktiva.com\/films\/wp-content\/uploads\/FILMIN-300x300.png 300w, https:\/\/www.laproduktiva.com\/films\/wp-content\/uploads\/FILMIN-150x150.png 150w, https:\/\/www.laproduktiva.com\/films\/wp-content\/uploads\/FILMIN-768x768.png 768w\" sizes=\"auto, (max-width: 150px) 100vw, 150px\" \/><\/a><\/td><td><a href=\"https:\/\/www.filmin.cat\/pelicula\/lultim-salt\" target=\"_blank\" rel=\"noreferrer noopener\"><img loading=\"lazy\" decoding=\"async\" width=\"150\" height=\"150\" class=\"wp-image-2523\" style=\"width: 150px;\" src=\"https:\/\/www.laproduktiva.com\/films\/wp-content\/uploads\/filmincat.png\" alt=\"\" srcset=\"https:\/\/www.laproduktiva.com\/films\/wp-content\/uploads\/filmincat.png 225w, https:\/\/www.laproduktiva.com\/films\/wp-content\/uploads\/filmincat-150x150.png 150w\" sizes=\"auto, (max-width: 150px) 100vw, 150px\" \/><\/a><\/td><td><a href=\"https:\/\/www.laxarxames.cat\/movie-details\/3469495\" target=\"_blank\" rel=\"noreferrer noopener\"><img loading=\"lazy\" decoding=\"async\" width=\"150\" height=\"150\" class=\"wp-image-2283\" style=\"width: 150px;\" src=\"https:\/\/www.laproduktiva.com\/films\/wp-content\/uploads\/logoxarxames.jpg\" alt=\"\" srcset=\"https:\/\/www.laproduktiva.com\/films\/wp-content\/uploads\/logoxarxames.jpg 350w, https:\/\/www.laproduktiva.com\/films\/wp-content\/uploads\/logoxarxames-300x300.jpg 300w, https:\/\/www.laproduktiva.com\/films\/wp-content\/uploads\/logoxarxames-150x150.jpg 150w\" sizes=\"auto, (max-width: 150px) 100vw, 150px\" \/><\/a><\/td><\/tr><\/tbody><\/table><\/figure>\n<\/div>\n\n\n\n<div style=\"height:30px\" aria-hidden=\"true\" class=\"wp-block-spacer\"><\/div>\n\n\n\n<figure class=\"wp-block-image alignwide size-large wp-duotone-unset-1\"><img loading=\"lazy\" decoding=\"async\" width=\"1024\" height=\"164\" src=\"https:\/\/www.laproduktiva.com\/films\/wp-content\/uploads\/xurro-Llorers-INICI-1024x164.png\" alt=\"\" class=\"wp-image-3246\" srcset=\"https:\/\/www.laproduktiva.com\/films\/wp-content\/uploads\/xurro-Llorers-INICI-1024x164.png 1024w, https:\/\/www.laproduktiva.com\/films\/wp-content\/uploads\/xurro-Llorers-INICI-300x48.png 300w, https:\/\/www.laproduktiva.com\/films\/wp-content\/uploads\/xurro-Llorers-INICI-768x123.png 768w, https:\/\/www.laproduktiva.com\/films\/wp-content\/uploads\/xurro-Llorers-INICI-1536x246.png 1536w, https:\/\/www.laproduktiva.com\/films\/wp-content\/uploads\/xurro-Llorers-INICI.png 1542w\" sizes=\"auto, (max-width: 1024px) 100vw, 1024px\" \/><\/figure>\n\n\n\n<div style=\"height:30px\" aria-hidden=\"true\" class=\"wp-block-spacer\"><\/div>\n\n\n\n<h4 class=\"wp-block-heading alignwide has-text-align-left\">PROJECCIONS<\/h4>\n\n\n\n<div class=\"wp-block-columns alignwide is-layout-flex wp-container-core-columns-is-layout-28f84493 wp-block-columns-is-layout-flex\">\n<div class=\"wp-block-column is-layout-flow wp-block-column-is-layout-flow\" style=\"flex-basis:100%\">\n<pre class=\"wp-block-preformatted has-background\" style=\"background-color:#eeeeee\">12\/07\/2022 - 45 Festival Internacional de Cinema Independent d\u2019Elx, ALACANT<br>24\/08\/2022 - 18 Festival Internacional de Cine LesBiGayTrans, ASUNCI\u00d3N (PARAGUAI)<br>13-15\/09\/22 - Cines Imperial, SABADELL<br>16-22\/09\/22 - Cinema Mald\u00e0, BARCELONA<br>01\/10\/2022 - Cinema Catalunya, RIBES DE FRESER<br>15\/10\/2022 - 10 Premis Oriana (Festival de Cine de Sant Andreu de la Barca)<br>04\/11\/2022 - Sala Equis (27 Festival LesGaiCineMad), MADRID<br>06\/11\/2022 - C\u00edrculo de Bellas Artes (27 Festival LesGaiCineMad), MADRID<br>09\/11\/2022 - Sala Berlanga (27 Festival LesGaiCineMad), MADRID<br>12\/11\/2022 - Cine Club Orfe\u00f3, CIUTAT DE M\u00c8XIC (M\u00c8XIC)<br>18\/11\/2022 - Cinema Mald\u00e0, BARCELONA<br>28\/11\/2022 - FIC El Lugar Sin L\u00edmites, QUITO (EQUADOR)<br>06\/06\/2023 - Cine Pot, Teatre Serrano, GANDIA (VAL\u00c8NCIA)<br>22\/07\/2023 - Casal Catal\u00e0, QUITO (EQUADOR)<br>12\/12\/2025 - Santo Domingo Outfest (REP\u00daBLICA DOMINICANA)<\/pre>\n<\/div>\n<\/div>\n\n\n\n<div style=\"height:30px\" aria-hidden=\"true\" class=\"wp-block-spacer\"><\/div>\n\n\n\n<h4 class=\"wp-block-heading alignwide\">TRAILER<\/h4>\n\n\n\n<figure class=\"wp-block-embed alignwide is-type-video is-provider-vimeo wp-block-embed-vimeo wp-embed-aspect-16-9 wp-has-aspect-ratio\"><div class=\"wp-block-embed__wrapper\">\n<iframe loading=\"lazy\" title=\"L&#039;\u00faltim salt - Trailer 1\" src=\"https:\/\/player.vimeo.com\/video\/723389420?dnt=1&amp;app_id=122963\" width=\"500\" height=\"281\" frameborder=\"0\" allow=\"autoplay; fullscreen; picture-in-picture; clipboard-write; encrypted-media; web-share\" referrerpolicy=\"strict-origin-when-cross-origin\"><\/iframe>\n<\/div><\/figure>\n\n\n\n<div style=\"height:30px\" aria-hidden=\"true\" class=\"wp-block-spacer\"><\/div>\n\n\n\n<h4 class=\"wp-block-heading alignwide\">FOTOS RODATGE<\/h4>\n\n\n\n<div class=\"wp-block-columns alignwide is-layout-flex wp-container-core-columns-is-layout-28f84493 wp-block-columns-is-layout-flex\">\n<div class=\"wp-block-column is-layout-flow wp-block-column-is-layout-flow\" style=\"flex-basis:100%\">\n<h4 class=\"wp-block-heading has-text-align-center has-white-color has-primary-background-color has-text-color has-background has-link-color wp-elements-b0077c33c40796274a320372e64a15e5\"><a href=\"https:\/\/flic.kr\/s\/aHsmWr3kWa\" target=\"_blank\" rel=\"noreferrer noopener\">https:\/\/flic.kr\/s\/aHsmWr3kWa<\/a><\/h4>\n\n\n\n<div style=\"height:30px\" aria-hidden=\"true\" class=\"wp-block-spacer\"><\/div>\n\n\n\n<h4 class=\"wp-block-heading\">FITXA T\u00c8CNICA<\/h4>\n\n\n\n<pre class=\"wp-block-preformatted has-background\" style=\"background-color:#eeeeee\">T\u00cdTOL: L\u2019\u00faltim salt<br>IDIOMA: catal\u00e0<br>SUBT\u00cdTOLS: castell\u00e0, angl\u00e8s i franc\u00e8s<br>G\u00c8NERE: drama<br>FORMAT GRAVACI\u00d3: 4K<br>FORMAT PROJECCI\u00d3: HD 16:9 (DCP, ProRes o H264)<br>\u00c0UDIO:&nbsp;est\u00e8reo<br>DURACI\u00d3: 88\u2032<br>QUUALIFICACI\u00d3:&nbsp;+12<br>ANY: 2022<\/pre>\n<\/div>\n<\/div>\n\n\n\n<div style=\"height:30px\" aria-hidden=\"true\" class=\"wp-block-spacer\"><\/div>\n\n\n\n<h4 class=\"wp-block-heading alignwide\">ACTRIUS  I ACTORS<\/h4>\n\n\n\n<div class=\"wp-block-columns alignwide is-layout-flex wp-container-core-columns-is-layout-28f84493 wp-block-columns-is-layout-flex\">\n<div class=\"wp-block-column is-layout-flow wp-block-column-is-layout-flow\" style=\"flex-basis:100%\">\n<pre class=\"wp-block-preformatted has-background\" style=\"background-color:#eeeeee\">JANA: Anna Marin<br>ESTEL: Anna Capac\u00e9s<br>LLU\u00cdS: Frank Capdet<br>ARLET: Alba Rubi\u00f3<br>ROGER: Antonio Ju\u00e1rez<br>AINARA: Lola Rasc\u00f3n<br>CARLA: Yolanda Molina<br>MERC\u00c8: Merc\u00e8 Puy<\/pre>\n<\/div>\n<\/div>\n\n\n\n<div style=\"height:30px\" aria-hidden=\"true\" class=\"wp-block-spacer\"><\/div>\n\n\n\n<h4 class=\"wp-block-heading alignwide\">EQUIP<\/h4>\n\n\n\n<div class=\"wp-block-columns alignwide is-layout-flex wp-container-core-columns-is-layout-28f84493 wp-block-columns-is-layout-flex\">\n<div class=\"wp-block-column is-layout-flow wp-block-column-is-layout-flow\" style=\"flex-basis:100%\">\n<pre class=\"wp-block-preformatted has-background\" style=\"background-color:#eeeeee\">GUI\u00d3, DIRECCI\u00d3, PRODUCCI\u00d3, MUNTATGE I ETALONATGE: Nando Caballero<br>DIRECTOR DE FOTOGRAFIA: Aleix Pegenaute<br>C\u00c0MERA: Javier Rueda<br>AJUDANT DE DIRECCI\u00d3: Vicen\u00e7 Ferreres<br>SO DIRECTE I MESCLES: Roger Riera<br>MAQUILLATGE I PERRUQUERIA: Acad\u00e8mia Tere Af\u00e1n<br><\/pre>\n<\/div>\n<\/div>\n\n\n\n<div style=\"height:30px\" aria-hidden=\"true\" class=\"wp-block-spacer\"><\/div>\n\n\n\n<h4 class=\"wp-block-heading alignwide\">M\u00daSICA<\/h4>\n\n\n\n<div class=\"wp-block-columns alignwide is-layout-flex wp-container-core-columns-is-layout-28f84493 wp-block-columns-is-layout-flex\">\n<div class=\"wp-block-column is-layout-flow wp-block-column-is-layout-flow\" style=\"flex-basis:100%\">\n<pre class=\"wp-block-preformatted has-background\" style=\"background-color:#eeeeee\">Breis, Liannallull, Puma Rai Tape Diana, Pentina\u2019t Lula i Againsters<\/pre>\n<\/div>\n<\/div>\n\n\n\n<div style=\"height:40px\" aria-hidden=\"true\" class=\"wp-block-spacer\"><\/div>\n\n\n\n<h4 class=\"wp-block-heading alignwide\">BANDA SONORA<\/h4>\n\n\n\n<figure class=\"wp-block-embed alignwide is-type-rich is-provider-spotify wp-block-embed-spotify wp-embed-aspect-21-9 wp-has-aspect-ratio\"><div class=\"wp-block-embed__wrapper\">\n<iframe title=\"Spotify Embed: L&amp;apos;\u00faltim salt BSO\" style=\"border-radius: 12px\" width=\"100%\" height=\"352\" frameborder=\"0\" allowfullscreen allow=\"autoplay; clipboard-write; encrypted-media; fullscreen; picture-in-picture\" loading=\"lazy\" src=\"https:\/\/open.spotify.com\/embed\/album\/4FX6mKR1lb2vHCe5DchhpS?utm_source=oembed\"><\/iframe>\n<\/div><\/figure>\n\n\n\n<div style=\"height:30px\" aria-hidden=\"true\" class=\"wp-block-spacer\"><\/div>\n\n\n\n<h4 class=\"wp-block-heading alignwide\">AMB EL SUPORT I LA COL\u00b7LABORACI\u00d3 DE<\/h4>\n\n\n\n<div style=\"height:20px\" aria-hidden=\"true\" class=\"wp-block-spacer\"><\/div>\n\n\n\n<figure class=\"wp-block-image alignwide size-large wp-duotone-unset-2\"><img loading=\"lazy\" decoding=\"async\" width=\"1024\" height=\"364\" src=\"https:\/\/www.laproduktiva.com\/films\/wp-content\/uploads\/banner-web-logos-OK-1024x364.png\" alt=\"\" class=\"wp-image-1955\" srcset=\"https:\/\/www.laproduktiva.com\/films\/wp-content\/uploads\/banner-web-logos-OK-1024x364.png 1024w, https:\/\/www.laproduktiva.com\/films\/wp-content\/uploads\/banner-web-logos-OK-300x107.png 300w, https:\/\/www.laproduktiva.com\/films\/wp-content\/uploads\/banner-web-logos-OK-768x273.png 768w, https:\/\/www.laproduktiva.com\/films\/wp-content\/uploads\/banner-web-logos-OK-1536x546.png 1536w, https:\/\/www.laproduktiva.com\/films\/wp-content\/uploads\/banner-web-logos-OK-2048x728.png 2048w\" sizes=\"auto, (max-width: 1024px) 100vw, 1024px\" \/><\/figure>\n\n\n\n<div style=\"height:30px\" aria-hidden=\"true\" class=\"wp-block-spacer\"><\/div>\n\n\n\n<ul class=\"wp-block-social-links aligncenter is-layout-flex wp-block-social-links-is-layout-flex\"><li class=\"wp-social-link wp-social-link-facebook  wp-block-social-link\"><a href=\"https:\/\/www.facebook.com\/lultimsalt\" class=\"wp-block-social-link-anchor\"><svg width=\"24\" height=\"24\" viewBox=\"0 0 24 24\" version=\"1.1\" xmlns=\"http:\/\/www.w3.org\/2000\/svg\" aria-hidden=\"true\" focusable=\"false\"><path d=\"M12 2C6.5 2 2 6.5 2 12c0 5 3.7 9.1 8.4 9.9v-7H7.9V12h2.5V9.8c0-2.5 1.5-3.9 3.8-3.9 1.1 0 2.2.2 2.2.2v2.5h-1.3c-1.2 0-1.6.8-1.6 1.6V12h2.8l-.4 2.9h-2.3v7C18.3 21.1 22 17 22 12c0-5.5-4.5-10-10-10z\"><\/path><\/svg><span class=\"wp-block-social-link-label screen-reader-text\">Facebook<\/span><\/a><\/li>\n\n<li class=\"wp-social-link wp-social-link-instagram  wp-block-social-link\"><a href=\"https:\/\/www.instagram.com\/lultimsalt\/\" class=\"wp-block-social-link-anchor\"><svg width=\"24\" height=\"24\" viewBox=\"0 0 24 24\" version=\"1.1\" xmlns=\"http:\/\/www.w3.org\/2000\/svg\" aria-hidden=\"true\" focusable=\"false\"><path d=\"M12,4.622c2.403,0,2.688,0.009,3.637,0.052c0.877,0.04,1.354,0.187,1.671,0.31c0.42,0.163,0.72,0.358,1.035,0.673 c0.315,0.315,0.51,0.615,0.673,1.035c0.123,0.317,0.27,0.794,0.31,1.671c0.043,0.949,0.052,1.234,0.052,3.637 s-0.009,2.688-0.052,3.637c-0.04,0.877-0.187,1.354-0.31,1.671c-0.163,0.42-0.358,0.72-0.673,1.035 c-0.315,0.315-0.615,0.51-1.035,0.673c-0.317,0.123-0.794,0.27-1.671,0.31c-0.949,0.043-1.233,0.052-3.637,0.052 s-2.688-0.009-3.637-0.052c-0.877-0.04-1.354-0.187-1.671-0.31c-0.42-0.163-0.72-0.358-1.035-0.673 c-0.315-0.315-0.51-0.615-0.673-1.035c-0.123-0.317-0.27-0.794-0.31-1.671C4.631,14.688,4.622,14.403,4.622,12 s0.009-2.688,0.052-3.637c0.04-0.877,0.187-1.354,0.31-1.671c0.163-0.42,0.358-0.72,0.673-1.035 c0.315-0.315,0.615-0.51,1.035-0.673c0.317-0.123,0.794-0.27,1.671-0.31C9.312,4.631,9.597,4.622,12,4.622 M12,3 C9.556,3,9.249,3.01,8.289,3.054C7.331,3.098,6.677,3.25,6.105,3.472C5.513,3.702,5.011,4.01,4.511,4.511 c-0.5,0.5-0.808,1.002-1.038,1.594C3.25,6.677,3.098,7.331,3.054,8.289C3.01,9.249,3,9.556,3,12c0,2.444,0.01,2.751,0.054,3.711 c0.044,0.958,0.196,1.612,0.418,2.185c0.23,0.592,0.538,1.094,1.038,1.594c0.5,0.5,1.002,0.808,1.594,1.038 c0.572,0.222,1.227,0.375,2.185,0.418C9.249,20.99,9.556,21,12,21s2.751-0.01,3.711-0.054c0.958-0.044,1.612-0.196,2.185-0.418 c0.592-0.23,1.094-0.538,1.594-1.038c0.5-0.5,0.808-1.002,1.038-1.594c0.222-0.572,0.375-1.227,0.418-2.185 C20.99,14.751,21,14.444,21,12s-0.01-2.751-0.054-3.711c-0.044-0.958-0.196-1.612-0.418-2.185c-0.23-0.592-0.538-1.094-1.038-1.594 c-0.5-0.5-1.002-0.808-1.594-1.038c-0.572-0.222-1.227-0.375-2.185-0.418C14.751,3.01,14.444,3,12,3L12,3z M12,7.378 c-2.552,0-4.622,2.069-4.622,4.622S9.448,16.622,12,16.622s4.622-2.069,4.622-4.622S14.552,7.378,12,7.378z M12,15 c-1.657,0-3-1.343-3-3s1.343-3,3-3s3,1.343,3,3S13.657,15,12,15z M16.804,6.116c-0.596,0-1.08,0.484-1.08,1.08 s0.484,1.08,1.08,1.08c0.596,0,1.08-0.484,1.08-1.08S17.401,6.116,16.804,6.116z\"><\/path><\/svg><span class=\"wp-block-social-link-label screen-reader-text\">Instagram<\/span><\/a><\/li>\n\n<li class=\"wp-social-link wp-social-link-x  wp-block-social-link\"><a href=\"https:\/\/twitter.com\/lultimsalt\" class=\"wp-block-social-link-anchor\"><svg width=\"24\" height=\"24\" viewBox=\"0 0 24 24\" version=\"1.1\" xmlns=\"http:\/\/www.w3.org\/2000\/svg\" aria-hidden=\"true\" focusable=\"false\"><path d=\"M13.982 10.622 20.54 3h-1.554l-5.693 6.618L8.745 3H3.5l6.876 10.007L3.5 21h1.554l6.012-6.989L15.868 21h5.245l-7.131-10.378Zm-2.128 2.474-.697-.997-5.543-7.93H8l4.474 6.4.697.996 5.815 8.318h-2.387l-4.745-6.787Z\" \/><\/svg><span class=\"wp-block-social-link-label screen-reader-text\">X<\/span><\/a><\/li><\/ul>\n\n\n\n<div style=\"height:30px\" aria-hidden=\"true\" class=\"wp-block-spacer\"><\/div>\n\n\n\n<h6 class=\"wp-block-heading has-text-align-center\">Una producci\u00f3 de La Produktiva Films PER A PLANS FILMS<\/h6>\n\n\n\n<p class=\"has-text-align-center\">Copyright \u00a9 MMXXII &#8211; Gravada \u00edntegrament a Sabadell<\/p>\n\n\n\n<p><\/p>\n","protected":false},"excerpt":{"rendered":"<p>Amor, m\u00fasica i segones oportunitats: el salt que no veur\u00e0s venir En ple estiu i sota una calor asfixiant, la Jana, fot\u00f2grafa publicit\u00e0ria, decideix trencar amb tot un any despr\u00e9s de la tr\u00e0gica mort del seu company en un accident de cotxe. El seu dest\u00ed \u00e9s Garmisch-Partenkirchen (Alemanya), la ciutat dels m\u00edtics salts d\u2019esqu\u00ed d\u2019Any [&hellip;]<\/p>\n","protected":false},"author":1,"featured_media":1803,"parent":0,"menu_order":0,"comment_status":"closed","ping_status":"closed","template":"","meta":{"footnotes":""},"class_list":["post-2276","page","type-page","status-publish","has-post-thumbnail","hentry"],"_links":{"self":[{"href":"https:\/\/www.laproduktiva.com\/films\/wp-json\/wp\/v2\/pages\/2276","targetHints":{"allow":["GET"]}}],"collection":[{"href":"https:\/\/www.laproduktiva.com\/films\/wp-json\/wp\/v2\/pages"}],"about":[{"href":"https:\/\/www.laproduktiva.com\/films\/wp-json\/wp\/v2\/types\/page"}],"author":[{"embeddable":true,"href":"https:\/\/www.laproduktiva.com\/films\/wp-json\/wp\/v2\/users\/1"}],"replies":[{"embeddable":true,"href":"https:\/\/www.laproduktiva.com\/films\/wp-json\/wp\/v2\/comments?post=2276"}],"version-history":[{"count":111,"href":"https:\/\/www.laproduktiva.com\/films\/wp-json\/wp\/v2\/pages\/2276\/revisions"}],"predecessor-version":[{"id":3277,"href":"https:\/\/www.laproduktiva.com\/films\/wp-json\/wp\/v2\/pages\/2276\/revisions\/3277"}],"wp:featuredmedia":[{"embeddable":true,"href":"https:\/\/www.laproduktiva.com\/films\/wp-json\/wp\/v2\/media\/1803"}],"wp:attachment":[{"href":"https:\/\/www.laproduktiva.com\/films\/wp-json\/wp\/v2\/media?parent=2276"}],"curies":[{"name":"wp","href":"https:\/\/api.w.org\/{rel}","templated":true}]}}